{"id":4610,"date":"2026-01-01T03:31:33","date_gmt":"2025-12-31T19:31:33","guid":{"rendered":"https:\/\/former.stevenstudio.top\/?post_type=case&#038;p=4610"},"modified":"2026-07-27T03:35:10","modified_gmt":"2026-07-26T19:35:10","slug":"renforcement-de-la-resilience-dune-sous-station-de-115-kv-a-porto-rico","status":"publish","type":"case","link":"https:\/\/former.stevenstudio.top\/fr\/case\/115kv-substation-resilience-upgrade-in-puerto-rico\/","title":{"rendered":"Renforcement de la r\u00e9silience d'une sous-station de 115 kV \u00e0 Porto Rico"},"content":{"rendered":"<p class=\"PDq2pG_selectionAnchorContainer\" data-start=\"56\" data-end=\"275\">\u00c0 la suite des importants d\u00e9g\u00e2ts caus\u00e9s par les ouragans aux infrastructures \u00e9lectriques de Porto Rico, ce projet de sous-station de 115 kV a \u00e9t\u00e9 mis en place afin de faciliter la remise en \u00e9tat du r\u00e9seau tout en renfor\u00e7ant sa r\u00e9silience \u00e0 long terme face aux conditions m\u00e9t\u00e9orologiques extr\u00eames.<\/p>\n<p data-start=\"277\" data-end=\"589\">La sous-station int\u00e8gre des structures en acier renforc\u00e9 con\u00e7ues pour offrir une meilleure r\u00e9sistance au vent, ainsi que des \u00e9quipements s\u00e9lectionn\u00e9s pour leur protection accrue contre la corrosion et leur \u00e9tanch\u00e9it\u00e9 aux intemp\u00e9ries. Les syst\u00e8mes critiques ont \u00e9t\u00e9 con\u00e7us avec une redondance afin de garantir un fonctionnement stable et d'am\u00e9liorer la fiabilit\u00e9 en cas d'\u00e9v\u00e9nements impr\u00e9vus.<\/p>\n<p data-start=\"591\" data-end=\"926\">Afin de favoriser la mise en place d'un r\u00e9seau \u00e9nerg\u00e9tique plus flexible, le projet pr\u00e9voit \u00e9galement des mesures visant \u00e0 int\u00e9grer les sources d'\u00e9nergie d\u00e9centralis\u00e9es et \u00e0 acc\u00e9l\u00e9rer l'isolation des d\u00e9fauts. Tout au long de la conception et de la mise en \u0153uvre, notre \u00e9quipe a travaill\u00e9 en \u00e9troite collaboration avec le client et les acteurs locaux afin d'adapter la solution aux besoins concrets en mati\u00e8re de r\u00e9tablissement du r\u00e9seau et aux besoins \u00e9nerg\u00e9tiques futurs.<\/p>\n<p data-start=\"928\" data-end=\"1130\" data-is-last-node=\"\" data-is-only-node=\"\">Au-del\u00e0 d'une simple livraison de sous-station classique, ce projet constitue un socle solide pour la remise en \u00e9tat du r\u00e9seau \u00e9lectrique de Porto Rico, le regain de confiance des populations et la transition vers un avenir \u00e9nerg\u00e9tique plus durable.<\/p>","protected":false},"featured_media":4612,"template":"","meta":{"_acf_changed":false,"iawp_total_views":0},"class_list":["post-4610","case","type-case","status-publish","has-post-thumbnail","hentry"],"acf":[],"_links":{"self":[{"href":"https:\/\/former.stevenstudio.top\/fr\/wp-json\/wp\/v2\/case\/4610","targetHints":{"allow":["GET"]}}],"collection":[{"href":"https:\/\/former.stevenstudio.top\/fr\/wp-json\/wp\/v2\/case"}],"about":[{"href":"https:\/\/former.stevenstudio.top\/fr\/wp-json\/wp\/v2\/types\/case"}],"wp:featuredmedia":[{"embeddable":true,"href":"https:\/\/former.stevenstudio.top\/fr\/wp-json\/wp\/v2\/media\/4612"}],"wp:attachment":[{"href":"https:\/\/former.stevenstudio.top\/fr\/wp-json\/wp\/v2\/media?parent=4610"}],"curies":[{"name":"wp","href":"https:\/\/api.w.org\/{rel}","templated":true}]}}